{"id":29454,"date":"2022-03-15T14:52:23","date_gmt":"2022-03-15T18:52:23","guid":{"rendered":"https:\/\/dermeb2b.wpengine.com\/?page_id=29454"},"modified":"2022-03-15T17:10:56","modified_gmt":"2022-03-15T21:10:56","slug":"service-portes-ouvertes","status":"publish","type":"page","link":"https:\/\/dermeco.com\/fr\/programmes-services\/service-portes-ouvertes\/","title":{"rendered":"Service Portes Ouvertes"},"content":{"rendered":"<div class=\"row row-collapse row-full-width\"  id=\"row-1654039603\">\n\n\t<div id=\"col-1278773707\" class=\"col small-12 large-12\"  >\n\t\t\t\t<div class=\"col-inner\"  >\n\t\t\t\n\t\t\t\n\n\t<section class=\"section\" id=\"section_727381949\">\n\t\t<div class=\"section-bg fill\" >\n\t\t\t<img loading=\"lazy\" decoding=\"async\" width=\"1500\" height=\"1000\" src=\"https:\/\/dermeco.com\/wp-content\/uploads\/2022\/03\/open-house.jpg\" class=\"bg attachment-original size-original\" alt=\"\" \/>\t\t\t\t\t\t\n\t\t\t\n\n\t\t<\/div>\n\n\t\t\n\n\t\t<div class=\"section-content relative\">\n\t\t\t\n\t\t<\/div>\n\n\t\t\n<style>\n#section_727381949 {\n  padding-top: 30px;\n  padding-bottom: 30px;\n  min-height: 350px;\n}\n#section_727381949 .section-bg img {\n  object-position: 2% 25%;\n}\n@media (min-width:550px) {\n  #section_727381949 {\n    min-height: 500px;\n  }\n}\n<\/style>\n\t<\/section>\n\t\n\t\t<\/div>\n\t\t\t\t\n<style>\n#col-1278773707 > .col-inner {\n  padding: 15px 0px 0px 0px;\n}\n@media (min-width:550px) {\n  #col-1278773707 > .col-inner {\n    padding: 0% 0% 0px 0%;\n  }\n}\n<\/style>\n\t<\/div>\n\n\t\n<\/div>\n<div class=\"row align-center\"  id=\"row-1181182737\">\n\n\t<div id=\"col-16501543\" class=\"col small-12 large-12\"  >\n\t\t\t\t<div class=\"col-inner text-center dark\" style=\"background-color:rgb(0, 69, 124);\" >\n\t\t\t\n\t\t\t\n\t<div id=\"gap-1582786105\" class=\"gap-element clearfix\" style=\"display:block; height:auto;\">\n\t\t\n<style>\n#gap-1582786105 {\n  padding-top: 30px;\n}\n<\/style>\n\t<\/div>\n\t\n\t<div id=\"text-3711985866\" class=\"text\">\n\t\t\n<h6>Programmes &amp; Services<\/h6>\n\t\t\n<style>\n#text-3711985866 {\n  font-size: 1rem;\n}\n@media (min-width:550px) {\n  #text-3711985866 {\n    font-size: 1.2rem;\n  }\n}\n<\/style>\n\t<\/div>\n\t\n\t<div id=\"text-1666926328\" class=\"text\">\n\t\t\n<h1>Service Portes Ouvertes<\/h1>\n\t\t\n<style>\n#text-1666926328 {\n  font-size: 1.5rem;\n}\n@media (min-width:550px) {\n  #text-1666926328 {\n    font-size: 1.3rem;\n  }\n}\n@media (min-width:850px) {\n  #text-1666926328 {\n    font-size: 1.75rem;\n  }\n}\n<\/style>\n\t<\/div>\n\t\n\t\t<\/div>\n\t\t\t\t\n<style>\n#col-16501543 > .col-inner {\n  padding: 20px 20px 30px 20px;\n  margin: -50px 0px 0px 0px;\n}\n@media (min-width:550px) {\n  #col-16501543 > .col-inner {\n    padding: 20px 40px 30px 40px;\n    margin: -150px 0px 0px 0px;\n  }\n}\n<\/style>\n\t<\/div>\n\n\t\n<\/div>\n\n\t<section class=\"section\" id=\"section_240311097\">\n\t\t<div class=\"section-bg fill\" >\n\t\t\t\t\t\t\t\t\t\n\t\t\t\n\n\t\t<\/div>\n\n\t\t\n\n\t\t<div class=\"section-content relative\">\n\t\t\t\n\t<div id=\"gap-292732200\" class=\"gap-element clearfix\" style=\"display:block; height:auto;\">\n\t\t\n<style>\n#gap-292732200 {\n  padding-top: 30px;\n}\n<\/style>\n\t<\/div>\n\t\n<div class=\"row\"  id=\"row-1724637876\">\n\n\t<div id=\"col-1444342423\" class=\"col medium-4 small-12 large-4\"  >\n\t\t\t\t<div class=\"col-inner\"  >\n\t\t\t\n\t\t\t\n\t<div id=\"text-3963832162\" class=\"text\">\n\t\t\n<h2>Planifions votre prochain \u00e9v\u00e9nement !<\/h2>\n\t\t\n<style>\n#text-3963832162 {\n  font-size: 1.75rem;\n}\n<\/style>\n\t<\/div>\n\t\n<p class=\"lead\">\u00c9largissez votre client\u00e8le et renforcez les liens avec vos clients !<\/p>\n\t\t<\/div>\n\t\t\t\t\t<\/div>\n\n\t\n\n\t<div id=\"col-1766156779\" class=\"col medium-8 small-12 large-8\"  >\n\t\t\t\t<div class=\"col-inner\"  >\n\t\t\t\n\t\t\t\n<p>Si vous cherchez vraiment \u00e0 d\u00e9velopper l&rsquo;activit\u00e9 de votre salon, l&rsquo;organisation d&rsquo;une journ\u00e9e portes ouvertes est un moyen amusant et efficace. Cela signifie qu&rsquo;il est temps de passer \u00e0 la fois en mode f\u00eate et en mode affaires afin de cr\u00e9er une exp\u00e9rience qui non seulement attire les clients dans votre espace mais leur donne envie de revenir.<\/p>\n<p>Une journ\u00e9e portes ouvertes est un excellent moyen d&rsquo;acqu\u00e9rir une nouvelle client\u00e8le et de vendre \u00e0 vos clients existants de nouveaux produits et services. La journ\u00e9e portes ouvertes est \u00e9galement l&rsquo;occasion id\u00e9ale pour la communaut\u00e9 de rencontrer le propri\u00e9taire et le personnel, permettant ainsi aux clients actuels et potentiels de poser des questions dans un environnement d\u00e9tendu et amusant.<\/p>\n<p>Les journ\u00e9es portes ouvertes sont planifi\u00e9es directement avec votre gestionnaire de compte, qui conna\u00eet d\u00e9j\u00e0 l&rsquo;historique de votre entreprise. Organis\u00e9es dans vos locaux, nous vous fournissons tout ce qui est n\u00e9cessaire pour que l&rsquo;\u00e9v\u00e9nement se d\u00e9roule exactement comme vous l&rsquo;attendez, pour votre succ\u00e8s (formateurs, location d&rsquo;\u00e9quipement, d\u00e9monstrations en direct, produits, etc&#8230;).<\/p>\n\t\t<\/div>\n\t\t\t\t\t<\/div>\n\n\t\n<\/div>\n\t\t<\/div>\n\n\t\t\n<style>\n#section_240311097 {\n  padding-top: 30px;\n  padding-bottom: 30px;\n}\n<\/style>\n\t<\/section>\n\t\n\n\t<section class=\"section\" id=\"section_301855441\">\n\t\t<div class=\"section-bg fill\" >\n\t\t\t\t\t\t\t\t\t\n\t\t\t\n\n\t\t<\/div>\n\n\t\t\n\n\t\t<div class=\"section-content relative\">\n\t\t\t\n<div class=\"row align-equal align-center\"  id=\"row-1928541807\">\n\n\t<div id=\"col-1270848130\" class=\"col small-12 large-12\"  >\n\t\t\t\t<div class=\"col-inner text-center\"  >\n\t\t\t\n\t\t\t\n\t<div id=\"text-3182887093\" class=\"text\">\n\t\t\n<h3>Promouvoir, Promouvoir, Promouvoir !<\/h3>\n\t\t\n<style>\n#text-3182887093 {\n  font-size: 2.25rem;\n  line-height: 0.75;\n}\n<\/style>\n\t<\/div>\n\t\n<p>Vous devez faire la promotion de cette journ\u00e9e aupr\u00e8s de votre client\u00e8le. Afin, d\u2019atteindre ces r\u00e9sultats, il faut une strat\u00e9gie bien planifi\u00e9e.<\/p>\n\t<div id=\"gap-2033334291\" class=\"gap-element clearfix\" style=\"display:block; height:auto;\">\n\t\t\n<style>\n#gap-2033334291 {\n  padding-top: 40px;\n}\n<\/style>\n\t<\/div>\n\t\n\t\t<\/div>\n\t\t\t\t\t<\/div>\n\n\t\n\n\t<div id=\"col-562300520\" class=\"col medium-6 small-12 large-4\"  >\n\t\t\t\t<div class=\"col-inner text-center\"  >\n\t\t\t\n\t\t\t\n\t<div class=\"img has-hover x md-x lg-x y md-y lg-y\" id=\"image_102120660\">\n\t\t<a class=\"\" href=\"#\" >\t\t\t\t\t\t<div class=\"img-inner image-zoom image-cover dark\" style=\"padding-top:500px;\">\n\t\t\t<img loading=\"lazy\" decoding=\"async\" width=\"681\" height=\"1024\" src=\"https:\/\/dermeco.com\/wp-content\/uploads\/2022\/03\/business-profile-681x1024.jpg\" class=\"attachment-large size-large\" alt=\"\" srcset=\"https:\/\/dermeco.com\/wp-content\/uploads\/2022\/03\/business-profile-681x1024.jpg 681w, https:\/\/dermeco.com\/wp-content\/uploads\/2022\/03\/business-profile-600x902.jpg 600w, https:\/\/dermeco.com\/wp-content\/uploads\/2022\/03\/business-profile-200x300.jpg 200w, https:\/\/dermeco.com\/wp-content\/uploads\/2022\/03\/business-profile-768x1154.jpg 768w, https:\/\/dermeco.com\/wp-content\/uploads\/2022\/03\/business-profile-510x767.jpg 510w, https:\/\/dermeco.com\/wp-content\/uploads\/2022\/03\/business-profile.jpg 998w\" sizes=\"auto, (max-width: 681px) 100vw, 681px\" \/>\t\t\t\t\t\t\n\t\t\t\t\t<\/div>\n\t\t\t\t\t\t<\/a>\t\t\n<style>\n#image_102120660 {\n  width: 100%;\n}\n<\/style>\n\t<\/div>\n\t\n<h3>Am\u00e9liorez le profil de votre entreprise<\/h3>\n\t\t<\/div>\n\t\t\t\t\t<\/div>\n\n\t\n\n\t<div id=\"col-1578576801\" class=\"col medium-6 small-12 large-4\"  >\n\t\t\t\t<div class=\"col-inner text-center\"  >\n\t\t\t\n\t\t\t\n<h3>\u00c9largissez votre client\u00e8le<\/h3>\n\t<div class=\"img has-hover x md-x lg-x y md-y lg-y\" id=\"image_1969685384\">\n\t\t<a class=\"\" href=\"#\" >\t\t\t\t\t\t<div class=\"img-inner image-zoom image-cover dark\" style=\"padding-top:500px;\">\n\t\t\t<img loading=\"lazy\" decoding=\"async\" width=\"681\" height=\"1024\" src=\"https:\/\/dermeco.com\/wp-content\/uploads\/2022\/03\/clientele-681x1024.jpg\" class=\"attachment-large size-large\" alt=\"\" srcset=\"https:\/\/dermeco.com\/wp-content\/uploads\/2022\/03\/clientele-681x1024.jpg 681w, https:\/\/dermeco.com\/wp-content\/uploads\/2022\/03\/clientele-600x902.jpg 600w, https:\/\/dermeco.com\/wp-content\/uploads\/2022\/03\/clientele-200x300.jpg 200w, https:\/\/dermeco.com\/wp-content\/uploads\/2022\/03\/clientele-768x1154.jpg 768w, https:\/\/dermeco.com\/wp-content\/uploads\/2022\/03\/clientele-510x767.jpg 510w, https:\/\/dermeco.com\/wp-content\/uploads\/2022\/03\/clientele.jpg 998w\" sizes=\"auto, (max-width: 681px) 100vw, 681px\" \/>\t\t\t\t\t\t\n\t\t\t\t\t<\/div>\n\t\t\t\t\t\t<\/a>\t\t\n<style>\n#image_1969685384 {\n  width: 100%;\n}\n<\/style>\n\t<\/div>\n\t\n\t\t<\/div>\n\t\t\t\t\t<\/div>\n\n\t\n\n\t<div id=\"col-2029944006\" class=\"col medium-6 small-12 large-4\"  >\n\t\t\t\t<div class=\"col-inner text-center\"  >\n\t\t\t\n\t\t\t\n\t<div class=\"img has-hover x md-x lg-x y md-y lg-y\" id=\"image_1277614798\">\n\t\t<a class=\"\" href=\"#\" >\t\t\t\t\t\t<div class=\"img-inner image-zoom image-cover dark\" style=\"padding-top:500px;\">\n\t\t\t<img loading=\"lazy\" decoding=\"async\" width=\"681\" height=\"1024\" src=\"https:\/\/dermeco.com\/wp-content\/uploads\/2022\/03\/ndv-product-681x1024.jpg\" class=\"attachment-large size-large\" alt=\"\" srcset=\"https:\/\/dermeco.com\/wp-content\/uploads\/2022\/03\/ndv-product-681x1024.jpg 681w, https:\/\/dermeco.com\/wp-content\/uploads\/2022\/03\/ndv-product-600x902.jpg 600w, https:\/\/dermeco.com\/wp-content\/uploads\/2022\/03\/ndv-product-200x300.jpg 200w, https:\/\/dermeco.com\/wp-content\/uploads\/2022\/03\/ndv-product-768x1154.jpg 768w, https:\/\/dermeco.com\/wp-content\/uploads\/2022\/03\/ndv-product-510x767.jpg 510w, https:\/\/dermeco.com\/wp-content\/uploads\/2022\/03\/ndv-product.jpg 998w\" sizes=\"auto, (max-width: 681px) 100vw, 681px\" \/>\t\t\t\t\t\t\n\t\t\t\t\t<\/div>\n\t\t\t\t\t\t<\/a>\t\t\n<style>\n#image_1277614798 {\n  width: 100%;\n}\n<\/style>\n\t<\/div>\n\t\n<h3>Promouvoir de nouveaux produits et services<\/h3>\n\t\t<\/div>\n\t\t\t\t\t<\/div>\n\n\t\n<\/div>\n\t\t<\/div>\n\n\t\t\n<style>\n#section_301855441 {\n  padding-top: 80px;\n  padding-bottom: 80px;\n  background-color: rgb(244, 244, 244);\n}\n<\/style>\n\t<\/section>\n\t\n\n\t<section class=\"section\" id=\"section_1584081157\">\n\t\t<div class=\"section-bg fill\" >\n\t\t\t\t\t\t\t\t\t\n\t\t\t\n\n\t\t<\/div>\n\n\t\t\n\n\t\t<div class=\"section-content relative\">\n\t\t\t\n<div class=\"row row-collapse row-full-width align-middle align-center\"  id=\"row-1623355479\">\n\n\t<div id=\"col-33774395\" class=\"col medium-12 small-12 large-6 medium-col-first\"  >\n\t\t\t\t<div class=\"col-inner\"  >\n\t\t\t\n\t\t\t\n\n  <div class=\"banner has-hover\" id=\"banner-1245894638\">\n          <div class=\"banner-inner fill\">\n        <div class=\"banner-bg fill\" >\n            <img loading=\"lazy\" decoding=\"async\" width=\"640\" height=\"500\" src=\"https:\/\/dermeco.com\/wp-content\/uploads\/2022\/03\/open-house-2.jpg\" class=\"bg attachment-original size-original\" alt=\"\" \/>                                    \n                    <\/div>\n\t\t\n        <div class=\"banner-layers container\">\n            <div class=\"fill banner-link\"><\/div>            \n        <\/div>\n      <\/div>\n\n            \n<style>\n#banner-1245894638 {\n  padding-top: 300px;\n  background-color: rgba(255, 255, 255, 0);\n}\n#banner-1245894638 .banner-bg img {\n  object-position: 0% 0%;\n}\n@media (min-width:550px) {\n  #banner-1245894638 {\n    padding-top: 400px;\n  }\n}\n@media (min-width:850px) {\n  #banner-1245894638 {\n    padding-top: 570px;\n  }\n}\n<\/style>\n  <\/div>\n\n\n\t\t<\/div>\n\t\t\t\t\t<\/div>\n\n\t\n\n\t<div id=\"col-1662820562\" class=\"col index-up medium-12 small-11 large-6\"  >\n\t\t\t\t<div class=\"col-inner\"  >\n\t\t\t\n\t\t\t\n\t<div id=\"gap-1479034381\" class=\"gap-element clearfix\" style=\"display:block; height:auto;\">\n\t\t\n<style>\n#gap-1479034381 {\n  padding-top: 30px;\n}\n<\/style>\n\t<\/div>\n\t\n<div class=\"row align-center\"  id=\"row-1360179435\">\n\n\t<div id=\"col-325706441\" class=\"col index-up medium-11 small-12 large-12\"  >\n\t\t\t\t<div class=\"col-inner text-center\" style=\"background-color:rgb(255, 255, 255);\" >\n\t\t\t\n\t\t\t\n<h2>Vous \u00eates pr\u00eats ? Commen\u00e7ons \u00e0 planifier&#8230;<\/h2>\n<p>Le service Portes Ouvertes est disponible d\u00e8s que vous devenez partenaire de Derme&amp;Co. ainsi que tout au long de notre partenariat.<\/p>\n<p class=\"lead\">Il existe de nombreuses fa\u00e7ons d&rsquo;organiser un \u00e9v\u00e9nement portes ouvertes et nous sommes l\u00e0 pour vous aider \u00e0 faire en sorte que votre \u00e9v\u00e9nement laisse une impression durable sur les clients nouveaux et existants.<\/p>\n<p>En tant que partenaire, votre entreprise est suivie et soutenue avec l&rsquo;aide de votre gestionnaire de compte d\u00e9di\u00e9. Ce dernier jouera un r\u00f4le important tout au long de votre parcours avec nous. La planification des \u00e9v\u00e9nements et la connaissance de vos objectifs seront sa priorit\u00e9. Nous faisons de notre mieux pour toujours r\u00e9pondre aux demandes de nos clients.<\/p>\n\t\t<\/div>\n\t\t\t\t\n<style>\n#col-325706441 > .col-inner {\n  padding: 15% 10% 15% 10%;\n  margin: -100px 0px 0px 0px;\n  border-radius: 5px;\n}\n@media (min-width:550px) {\n  #col-325706441 > .col-inner {\n    padding: 6% 6% 6% 6%;\n    margin: -150px 0px 0px 0px;\n  }\n}\n@media (min-width:850px) {\n  #col-325706441 > .col-inner {\n    padding: 7% 10% 7% 10%;\n    margin: 0px 0px 0px -100px;\n  }\n}\n<\/style>\n\t<\/div>\n\n\t\n<\/div>\n\t\t<\/div>\n\t\t\t\t\n<style>\n#col-1662820562 > .col-inner {\n  padding: 10px 0px 20px 0px;\n}\n@media (min-width:550px) {\n  #col-1662820562 > .col-inner {\n    padding: 35px 0px 30px 0px;\n  }\n}\n@media (min-width:850px) {\n  #col-1662820562 > .col-inner {\n    padding: 0 0px 0px 0px;\n  }\n}\n<\/style>\n\t<\/div>\n\n\t\n<\/div>\n\t\t<\/div>\n\n\t\t\n<style>\n#section_1584081157 {\n  padding-top: 0px;\n  padding-bottom: 0px;\n  margin-bottom: 0px;\n  background-color: #00457c;\n}\n@media (min-width:550px) {\n  #section_1584081157 {\n    padding-top: 0px;\n    padding-bottom: 0px;\n  }\n}\n<\/style>\n\t<\/section>\n\t\n\n\t<section class=\"section\" id=\"section_950019563\">\n\t\t<div class=\"section-bg fill\" >\n\t\t\t\t\t\t\t\t\t\n\t\t\t\n\n\t\t<\/div>\n\n\t\t\n\n\t\t<div class=\"section-content relative\">\n\t\t\t\n<div class=\"row align-center\"  id=\"row-130653423\">\n\n\t<div id=\"col-1810366568\" class=\"col medium-12 small-12 large-8\"  >\n\t\t\t\t<div class=\"col-inner text-center\"  >\n\t\t\t\n\t\t\t\n\t<div id=\"text-3551002791\" class=\"text\">\n\t\t\n<h3>Foire aux questions<\/h3>\n\t\t\n<style>\n#text-3551002791 {\n  font-size: 2.25rem;\n  line-height: 0.75;\n}\n<\/style>\n\t<\/div>\n\t\n<p>Vous avez encore des questions sans r\u00e9ponse ? Consultez notre FAQ ci-dessous. Contactez votre gestionnaire de compte pour plus d&rsquo;informations.<\/p>\n\t\t<\/div>\n\t\t\t\t\t<\/div>\n\n\t\n<\/div>\n<div class=\"row\"  id=\"row-2079313723\">\n\n\t<div id=\"col-1565179380\" class=\"col medium-12 small-12 large-12\"  >\n\t\t\t\t<div class=\"col-inner\"  >\n\t\t\t\n\t\t\t\n<div class=\"accordion\">\n\t<div id=\"accordion-2064538218\" class=\"accordion-item\">\n\t\t<a id=\"accordion-2064538218-label\" class=\"accordion-title plain\" href=\"#accordion-item-pourquoi-devrais-je-organiser-une-journ\u00e9e-portes-ouvertes-?\" aria-expanded=\"false\" aria-controls=\"accordion-2064538218-content\">\n\t\t\t<button class=\"toggle\" aria-label=\"Basculer\"><i class=\"icon-angle-down\" aria-hidden=\"true\"><\/i><\/button>\n\t\t\t<span>Pourquoi devrais-je organiser une journ\u00e9e portes ouvertes ?<\/span>\n\t\t<\/a>\n\t\t<div id=\"accordion-2064538218-content\" class=\"accordion-inner\" aria-labelledby=\"accordion-2064538218-label\">\n\t\t\t\n<p>Une journ\u00e9e portes ouvertes est une excellente occasion de faire profiter vos pr\u00e9cieux clients et votre nouvelle client\u00e8le potentielle de promotions exclusives, de recommandations personnalis\u00e9es pour la peau et de d\u00e9couvrir de nouveaux produits et services.<\/p>\n\t\t<\/div>\n\t<\/div>\n\t\n\t<div id=\"accordion-2611369719\" class=\"accordion-item\">\n\t\t<a id=\"accordion-2611369719-label\" class=\"accordion-title plain\" href=\"#accordion-item-combien-de-temps-faut-il-pour-organiser-une-journ\u00e9e-portes-ouvertes-?\" aria-expanded=\"false\" aria-controls=\"accordion-2611369719-content\">\n\t\t\t<button class=\"toggle\" aria-label=\"Basculer\"><i class=\"icon-angle-down\" aria-hidden=\"true\"><\/i><\/button>\n\t\t\t<span>Combien de temps faut-il pour organiser une journ\u00e9e portes ouvertes ?<\/span>\n\t\t<\/a>\n\t\t<div id=\"accordion-2611369719-content\" class=\"accordion-inner\" aria-labelledby=\"accordion-2611369719-label\">\n\t\t\t\n<p>Pour un \u00e9v\u00e9nement r\u00e9ussi, nous vous recommandons de commencer \u00e0 planifier au moins 1 \u00e0 2 mois \u00e0 l&rsquo;avance afin d&rsquo;\u00e9viter tout stress de derni\u00e8re minute. Les \u00e9l\u00e9ments \u00e0 prendre en consid\u00e9ration lors de cette planification sont le nombre d&rsquo;invit\u00e9s souhait\u00e9, s&rsquo;il y a un th\u00e8me, les promotions de la journ\u00e9e et la dur\u00e9e de l&rsquo;\u00e9v\u00e9nement.<\/p>\n\t\t<\/div>\n\t<\/div>\n\t\n\t<div id=\"accordion-1467298280\" class=\"accordion-item\">\n\t\t<a id=\"accordion-1467298280-label\" class=\"accordion-title plain\" href=\"#accordion-item-qui-dois-je-inviter-?\" aria-expanded=\"false\" aria-controls=\"accordion-1467298280-content\">\n\t\t\t<button class=\"toggle\" aria-label=\"Basculer\"><i class=\"icon-angle-down\" aria-hidden=\"true\"><\/i><\/button>\n\t\t\t<span>Qui dois-je inviter ?<\/span>\n\t\t<\/a>\n\t\t<div id=\"accordion-1467298280-content\" class=\"accordion-inner\" aria-labelledby=\"accordion-1467298280-label\">\n\t\t\t\n<p>Nous vous recommandons d&rsquo;inviter votre client\u00e8le existante et d&rsquo;entrer en contact avec de nouveaux clients potentiels au sein de votre communaut\u00e9.<\/p>\n\t\t<\/div>\n\t<\/div>\n\t\n\t<div id=\"accordion-3575313457\" class=\"accordion-item\">\n\t\t<a id=\"accordion-3575313457-label\" class=\"accordion-title plain\" href=\"#accordion-item-y-a-t-il-un-nombre-minimum-de-personnes-que-je-dois-inviter-?\" aria-expanded=\"false\" aria-controls=\"accordion-3575313457-content\">\n\t\t\t<button class=\"toggle\" aria-label=\"Basculer\"><i class=\"icon-angle-down\" aria-hidden=\"true\"><\/i><\/button>\n\t\t\t<span>Y a-t-il un nombre minimum de personnes que je dois inviter ?<\/span>\n\t\t<\/a>\n\t\t<div id=\"accordion-3575313457-content\" class=\"accordion-inner\" aria-labelledby=\"accordion-3575313457-label\">\n\t\t\t\n<p>Oui. Nous exigeons un minimum de 15 personnes pour qu&rsquo;un repr\u00e9sentant de Derme&amp;Co. soit pr\u00e9sent. Nous recommandons de ne pas d\u00e9passer 21 rendez-vous afin de garantir la qualit\u00e9 des interactions en t\u00eate-\u00e0-t\u00eate.<\/p>\n\t\t<\/div>\n\t<\/div>\n\t\n\t<div id=\"accordion-159662038\" class=\"accordion-item\">\n\t\t<a id=\"accordion-159662038-label\" class=\"accordion-title plain\" href=\"#accordion-item-quel-est-le-r\u00f4le-de-derme&#038;co.-lors-de-ma-journ\u00e9e-portes-ouvertes-?\" aria-expanded=\"false\" aria-controls=\"accordion-159662038-content\">\n\t\t\t<button class=\"toggle\" aria-label=\"Basculer\"><i class=\"icon-angle-down\" aria-hidden=\"true\"><\/i><\/button>\n\t\t\t<span>Quel est le r\u00f4le de Derme&amp;Co. lors de ma journ\u00e9e portes ouvertes ?<\/span>\n\t\t<\/a>\n\t\t<div id=\"accordion-159662038-content\" class=\"accordion-inner\" aria-labelledby=\"accordion-159662038-label\">\n\t\t\t\n<p>Ce service offert par Derme&amp;Co. consiste \u00e0 apporter un regard neuf et \u00e9ventuellement de nouvelles recommandations \u00e0 vos clients. Nous avons confiance en vos recommandations, mais les clients appr\u00e9cient d&rsquo;avoir l&rsquo;avis d&rsquo;une personne ext\u00e9rieure. Cela leur permet de confirmer que ce qu&rsquo;ils font actuellement est dans la bonne direction et parfois de savoir comment modifier les recommandations. En tant que partenaire commercial, vous remarquerez l&rsquo;excitation de vos clients lorsqu&rsquo;ils apprendront qu&rsquo;une personne venant directement de l&rsquo;entreprise va venir les rencontrer et faire une \u00e9valuation individuelle.<\/p>\n\t\t<\/div>\n\t<\/div>\n\t\n<\/div>\n\t\t<\/div>\n\t\t\t\t\t<\/div>\n\n\t\n<\/div>\n\t\t<\/div>\n\n\t\t\n<style>\n#section_950019563 {\n  padding-top: 80px;\n  padding-bottom: 80px;\n}\n<\/style>\n\t<\/section>\n\t\n\n\t<section class=\"section dark\" id=\"section_1609812484\">\n\t\t<div class=\"section-bg fill\" >\n\t\t\t\t\t\t\t\t\t\n\t\t\t\n\n\t\t<\/div>\n\n\t\t\n\n\t\t<div class=\"section-content relative\">\n\t\t\t\n<div class=\"row\"  id=\"row-1247671478\">\n\n\t<div id=\"col-800135685\" class=\"col small-12 large-12\"  >\n\t\t\t\t<div class=\"col-inner text-center\"  >\n\t\t\t\n\t\t\t\n\t<div id=\"text-3346799112\" class=\"text\">\n\t\t\n<h6>Service Portes Ouvertes<\/h6>\n\t\t\n<style>\n#text-3346799112 {\n  text-align: center;\n}\n<\/style>\n\t<\/div>\n\t\n\t<div id=\"text-1836349117\" class=\"text\">\n\t\t\n<h2>Pr\u00eat \u00e0 accueillir votre journ\u00e9e portes ouvertes ?<\/h2>\n\t\t\n<style>\n#text-1836349117 {\n  font-size: 1.5rem;\n  text-align: center;\n}\n<\/style>\n\t<\/div>\n\t\n<p>Si vous souhaitez obtenir de plus amples informations sur notre service Portes ouvertes, n&rsquo;h\u00e9sitez pas \u00e0 nous contacter.<\/p>\n<a href=\"\/fr\/contact\/\" class=\"button white is-outline is-large\" >\n\t\t<span>Contact<\/span>\n\t<\/a>\n\n\t\t<\/div>\n\t\t\t\t\n<style>\n#col-800135685 > .col-inner {\n  padding: 50px 0px 0px 0px;\n}\n<\/style>\n\t<\/div>\n\n\t\n<\/div>\n\t\t<\/div>\n\n\t\t\n<style>\n#section_1609812484 {\n  padding-top: 0px;\n  padding-bottom: 0px;\n  background-color: #90bddb;\n}\n<\/style>\n\t<\/section>\n\t\n","protected":false},"excerpt":{"rendered":"","protected":false},"author":2,"featured_media":0,"parent":29142,"menu_order":0,"comment_status":"closed","ping_status":"closed","template":"page-blank.php","meta":{"footnotes":""},"class_list":["post-29454","page","type-page","status-publish","hentry"],"yoast_head":"<!-- This site is optimized with the Yoast SEO plugin v27.5 - https:\/\/yoast.com\/product\/yoast-seo-wordpress\/ -->\n<title>Service Portes Ouvertes | Derme&amp;Co.<\/title>\n<meta name=\"description\" content=\"Si vous cherchez vraiment \u00e0 d\u00e9velopper l\u2019activit\u00e9 de votre salon, l\u2019organisation d\u2019une journ\u00e9e portes ouvertes est un moyen amusant et efficace. Cela signifie qu\u2019il est temps de passer \u00e0 la fois en mode f\u00eate et en mode affaires afin de cr\u00e9er une exp\u00e9rience qui non seulement attire les clients dans votre espace mais leur donne envie de revenir.\" \/>\n<meta name=\"robots\" content=\"index, follow, max-snippet:-1, max-image-preview:large, max-video-preview:-1\" \/>\n<link rel=\"canonical\" href=\"https:\/\/dermeco.com\/fr\/programmes-services\/service-portes-ouvertes\/\" \/>\n<meta property=\"og:locale\" content=\"fr_FR\" \/>\n<meta property=\"og:type\" content=\"article\" \/>\n<meta property=\"og:title\" content=\"Service Portes Ouvertes | Derme&amp;Co.\" \/>\n<meta property=\"og:description\" content=\"Si vous cherchez vraiment \u00e0 d\u00e9velopper l\u2019activit\u00e9 de votre salon, l\u2019organisation d\u2019une journ\u00e9e portes ouvertes est un moyen amusant et efficace. Cela signifie qu\u2019il est temps de passer \u00e0 la fois en mode f\u00eate et en mode affaires afin de cr\u00e9er une exp\u00e9rience qui non seulement attire les clients dans votre espace mais leur donne envie de revenir.\" \/>\n<meta property=\"og:url\" content=\"https:\/\/dermeco.com\/fr\/programmes-services\/service-portes-ouvertes\/\" \/>\n<meta property=\"og:site_name\" content=\"Derme&amp;Co.\" \/>\n<meta property=\"article:publisher\" content=\"https:\/\/www.facebook.com\/dermeco\/\" \/>\n<meta property=\"article:modified_time\" content=\"2022-03-15T21:10:56+00:00\" \/>\n<meta property=\"og:image\" content=\"https:\/\/dermeco.com\/wp-content\/uploads\/2019\/08\/icon.jpg\" \/>\n\t<meta property=\"og:image:width\" content=\"512\" \/>\n\t<meta property=\"og:image:height\" content=\"512\" \/>\n\t<meta property=\"og:image:type\" content=\"image\/jpeg\" \/>\n<meta name=\"twitter:card\" content=\"summary_large_image\" \/>\n<script type=\"application\/ld+json\" class=\"yoast-schema-graph\">{\"@context\":\"https:\\\/\\\/schema.org\",\"@graph\":[{\"@type\":\"WebPage\",\"@id\":\"https:\\\/\\\/dermeco.com\\\/fr\\\/programmes-services\\\/service-portes-ouvertes\\\/\",\"url\":\"https:\\\/\\\/dermeco.com\\\/fr\\\/programmes-services\\\/service-portes-ouvertes\\\/\",\"name\":\"Service Portes Ouvertes | Derme&amp;Co.\",\"isPartOf\":{\"@id\":\"https:\\\/\\\/dermeco.com\\\/fr\\\/#website\"},\"datePublished\":\"2022-03-15T18:52:23+00:00\",\"dateModified\":\"2022-03-15T21:10:56+00:00\",\"description\":\"Si vous cherchez vraiment \u00e0 d\u00e9velopper l\u2019activit\u00e9 de votre salon, l\u2019organisation d\u2019une journ\u00e9e portes ouvertes est un moyen amusant et efficace. Cela signifie qu\u2019il est temps de passer \u00e0 la fois en mode f\u00eate et en mode affaires afin de cr\u00e9er une exp\u00e9rience qui non seulement attire les clients dans votre espace mais leur donne envie de revenir.\",\"breadcrumb\":{\"@id\":\"https:\\\/\\\/dermeco.com\\\/fr\\\/programmes-services\\\/service-portes-ouvertes\\\/#breadcrumb\"},\"inLanguage\":\"fr-FR\",\"potentialAction\":[{\"@type\":\"ReadAction\",\"target\":[\"https:\\\/\\\/dermeco.com\\\/fr\\\/programmes-services\\\/service-portes-ouvertes\\\/\"]}]},{\"@type\":\"BreadcrumbList\",\"@id\":\"https:\\\/\\\/dermeco.com\\\/fr\\\/programmes-services\\\/service-portes-ouvertes\\\/#breadcrumb\",\"itemListElement\":[{\"@type\":\"ListItem\",\"position\":1,\"name\":\"Home\",\"item\":\"https:\\\/\\\/dermeco.com\\\/fr\\\/\"},{\"@type\":\"ListItem\",\"position\":2,\"name\":\"Programmes &#038; Services\",\"item\":\"https:\\\/\\\/dermeco.com\\\/fr\\\/programmes-services\\\/\"},{\"@type\":\"ListItem\",\"position\":3,\"name\":\"Service Portes Ouvertes\"}]},{\"@type\":\"WebSite\",\"@id\":\"https:\\\/\\\/dermeco.com\\\/fr\\\/#website\",\"url\":\"https:\\\/\\\/dermeco.com\\\/fr\\\/\",\"name\":\"Derme&amp;Co.\",\"description\":\"Everything for your Spa and Medical Spa.\",\"publisher\":{\"@id\":\"https:\\\/\\\/dermeco.com\\\/fr\\\/#organization\"},\"alternateName\":\"Derme\",\"potentialAction\":[{\"@type\":\"SearchAction\",\"target\":{\"@type\":\"EntryPoint\",\"urlTemplate\":\"https:\\\/\\\/dermeco.com\\\/fr\\\/?s={search_term_string}\"},\"query-input\":{\"@type\":\"PropertyValueSpecification\",\"valueRequired\":true,\"valueName\":\"search_term_string\"}}],\"inLanguage\":\"fr-FR\"},{\"@type\":\"Organization\",\"@id\":\"https:\\\/\\\/dermeco.com\\\/fr\\\/#organization\",\"name\":\"Derme&Co.\",\"alternateName\":\"Derme and Company\",\"url\":\"https:\\\/\\\/dermeco.com\\\/fr\\\/\",\"logo\":{\"@type\":\"ImageObject\",\"inLanguage\":\"fr-FR\",\"@id\":\"https:\\\/\\\/dermeco.com\\\/fr\\\/#\\\/schema\\\/logo\\\/image\\\/\",\"url\":\"https:\\\/\\\/dermeco.com\\\/wp-content\\\/uploads\\\/2019\\\/08\\\/icon.jpg\",\"contentUrl\":\"https:\\\/\\\/dermeco.com\\\/wp-content\\\/uploads\\\/2019\\\/08\\\/icon.jpg\",\"width\":512,\"height\":512,\"caption\":\"Derme&Co.\"},\"image\":{\"@id\":\"https:\\\/\\\/dermeco.com\\\/fr\\\/#\\\/schema\\\/logo\\\/image\\\/\"},\"sameAs\":[\"https:\\\/\\\/www.facebook.com\\\/dermeco\\\/\",\"https:\\\/\\\/www.linkedin.com\\\/company\\\/dermeco\",\"https:\\\/\\\/www.youtube.com\\\/user\\\/derme8282\"]}]}<\/script>\n<!-- \/ Yoast SEO plugin. -->","yoast_head_json":{"title":"Service Portes Ouvertes | Derme&amp;Co.","description":"Si vous cherchez vraiment \u00e0 d\u00e9velopper l\u2019activit\u00e9 de votre salon, l\u2019organisation d\u2019une journ\u00e9e portes ouvertes est un moyen amusant et efficace. Cela signifie qu\u2019il est temps de passer \u00e0 la fois en mode f\u00eate et en mode affaires afin de cr\u00e9er une exp\u00e9rience qui non seulement attire les clients dans votre espace mais leur donne envie de revenir.","robots":{"index":"index","follow":"follow","max-snippet":"max-snippet:-1","max-image-preview":"max-image-preview:large","max-video-preview":"max-video-preview:-1"},"canonical":"https:\/\/dermeco.com\/fr\/programmes-services\/service-portes-ouvertes\/","og_locale":"fr_FR","og_type":"article","og_title":"Service Portes Ouvertes | Derme&amp;Co.","og_description":"Si vous cherchez vraiment \u00e0 d\u00e9velopper l\u2019activit\u00e9 de votre salon, l\u2019organisation d\u2019une journ\u00e9e portes ouvertes est un moyen amusant et efficace. Cela signifie qu\u2019il est temps de passer \u00e0 la fois en mode f\u00eate et en mode affaires afin de cr\u00e9er une exp\u00e9rience qui non seulement attire les clients dans votre espace mais leur donne envie de revenir.","og_url":"https:\/\/dermeco.com\/fr\/programmes-services\/service-portes-ouvertes\/","og_site_name":"Derme&amp;Co.","article_publisher":"https:\/\/www.facebook.com\/dermeco\/","article_modified_time":"2022-03-15T21:10:56+00:00","og_image":[{"width":512,"height":512,"url":"https:\/\/dermeco.com\/wp-content\/uploads\/2019\/08\/icon.jpg","type":"image\/jpeg"}],"twitter_card":"summary_large_image","schema":{"@context":"https:\/\/schema.org","@graph":[{"@type":"WebPage","@id":"https:\/\/dermeco.com\/fr\/programmes-services\/service-portes-ouvertes\/","url":"https:\/\/dermeco.com\/fr\/programmes-services\/service-portes-ouvertes\/","name":"Service Portes Ouvertes | Derme&amp;Co.","isPartOf":{"@id":"https:\/\/dermeco.com\/fr\/#website"},"datePublished":"2022-03-15T18:52:23+00:00","dateModified":"2022-03-15T21:10:56+00:00","description":"Si vous cherchez vraiment \u00e0 d\u00e9velopper l\u2019activit\u00e9 de votre salon, l\u2019organisation d\u2019une journ\u00e9e portes ouvertes est un moyen amusant et efficace. Cela signifie qu\u2019il est temps de passer \u00e0 la fois en mode f\u00eate et en mode affaires afin de cr\u00e9er une exp\u00e9rience qui non seulement attire les clients dans votre espace mais leur donne envie de revenir.","breadcrumb":{"@id":"https:\/\/dermeco.com\/fr\/programmes-services\/service-portes-ouvertes\/#breadcrumb"},"inLanguage":"fr-FR","potentialAction":[{"@type":"ReadAction","target":["https:\/\/dermeco.com\/fr\/programmes-services\/service-portes-ouvertes\/"]}]},{"@type":"BreadcrumbList","@id":"https:\/\/dermeco.com\/fr\/programmes-services\/service-portes-ouvertes\/#breadcrumb","itemListElement":[{"@type":"ListItem","position":1,"name":"Home","item":"https:\/\/dermeco.com\/fr\/"},{"@type":"ListItem","position":2,"name":"Programmes &#038; Services","item":"https:\/\/dermeco.com\/fr\/programmes-services\/"},{"@type":"ListItem","position":3,"name":"Service Portes Ouvertes"}]},{"@type":"WebSite","@id":"https:\/\/dermeco.com\/fr\/#website","url":"https:\/\/dermeco.com\/fr\/","name":"Derme&amp;Co.","description":"Everything for your Spa and Medical Spa.","publisher":{"@id":"https:\/\/dermeco.com\/fr\/#organization"},"alternateName":"Derme","potentialAction":[{"@type":"SearchAction","target":{"@type":"EntryPoint","urlTemplate":"https:\/\/dermeco.com\/fr\/?s={search_term_string}"},"query-input":{"@type":"PropertyValueSpecification","valueRequired":true,"valueName":"search_term_string"}}],"inLanguage":"fr-FR"},{"@type":"Organization","@id":"https:\/\/dermeco.com\/fr\/#organization","name":"Derme&Co.","alternateName":"Derme and Company","url":"https:\/\/dermeco.com\/fr\/","logo":{"@type":"ImageObject","inLanguage":"fr-FR","@id":"https:\/\/dermeco.com\/fr\/#\/schema\/logo\/image\/","url":"https:\/\/dermeco.com\/wp-content\/uploads\/2019\/08\/icon.jpg","contentUrl":"https:\/\/dermeco.com\/wp-content\/uploads\/2019\/08\/icon.jpg","width":512,"height":512,"caption":"Derme&Co."},"image":{"@id":"https:\/\/dermeco.com\/fr\/#\/schema\/logo\/image\/"},"sameAs":["https:\/\/www.facebook.com\/dermeco\/","https:\/\/www.linkedin.com\/company\/dermeco","https:\/\/www.youtube.com\/user\/derme8282"]}]}},"_links":{"self":[{"href":"https:\/\/dermeco.com\/fr\/wp-json\/wp\/v2\/pages\/29454","targetHints":{"allow":["GET"]}}],"collection":[{"href":"https:\/\/dermeco.com\/fr\/wp-json\/wp\/v2\/pages"}],"about":[{"href":"https:\/\/dermeco.com\/fr\/wp-json\/wp\/v2\/types\/page"}],"author":[{"embeddable":true,"href":"https:\/\/dermeco.com\/fr\/wp-json\/wp\/v2\/users\/2"}],"replies":[{"embeddable":true,"href":"https:\/\/dermeco.com\/fr\/wp-json\/wp\/v2\/comments?post=29454"}],"version-history":[{"count":0,"href":"https:\/\/dermeco.com\/fr\/wp-json\/wp\/v2\/pages\/29454\/revisions"}],"up":[{"embeddable":true,"href":"https:\/\/dermeco.com\/fr\/wp-json\/wp\/v2\/pages\/29142"}],"wp:attachment":[{"href":"https:\/\/dermeco.com\/fr\/wp-json\/wp\/v2\/media?parent=29454"}],"curies":[{"name":"wp","href":"https:\/\/api.w.org\/{rel}","templated":true}]}}